{"id":1126,"date":"2016-12-19T02:03:08","date_gmt":"2016-12-19T02:03:08","guid":{"rendered":"http:\/\/www.fcedu.uner.edu.ar\/biblioteca\/?page_id=1126"},"modified":"2017-10-09T13:10:33","modified_gmt":"2017-10-09T13:10:33","slug":"apropiacion-institucional","status":"publish","type":"page","link":"https:\/\/www.fcedu.uner.edu.ar\/biblioteca\/apropiacion-institucional\/","title":{"rendered":"Apropiaci\u00f3n institucional"},"content":{"rendered":"<p><span style=\"color: #333333;\">La <strong>apropiaci\u00f3n institucional<\/strong> es el proceso por el cual hombres y mujeres hacemos propio el conjunto de reglas instituidas que se nos imponen socialmente. La caracter\u00edstica principal de estas reglas es que no nos incluyen como actores que intervienen en la realidad a trav\u00e9s de sus pr\u00e1cticas, sino como sujetos pasivos que cumplen roles asignados por otros. Mediante el proceso de apropiaci\u00f3n colaboramos activamente en la reproducci\u00f3n de hombres y mujeres adaptados, sin ser conscientes de ello.<\/span><\/p>\n<p><span style=\"color: #333333;\">Esta noci\u00f3n, recuperada de la h\u00fangara Agnes Heller, expresa la capacidad del sujeto de tomar, de hacer propio, de incorporar saberes, costumbres, valores, de internalizar un mundo social \u201cya hecho\u201d. La acci\u00f3n del hombre se hace presente en este proceso. No es una acci\u00f3n pasiva. Siempre intervenimos en nuestra forma de hacer el mundo, nuestro mundo.<\/span><\/p>\n<p><span style=\"color: #333333;\">La posibilidad de elucidar (hacer visible) estos procesos de apropiaci\u00f3n est\u00e1 vinculada a la capacidad reflexiva de los hombres para desnaturalizar las pr\u00e1cticas cotidianas, convirti\u00e9ndolas en objeto de conocimiento. Esto nos valoriza como sujetos que intervenimos en la historia social.<\/span><\/p>\n<p><span style=\"color: #333333;\">La pertenencia a la instituci\u00f3n (\u201csentirse reconocido y admitido\u201d) presupone la incorporaci\u00f3n de la identidad institucional y, por lo tanto, apropiarse de su normativa: las pautas de convivencia establecidas, las reglas t\u00e1citas, las jerarqu\u00edas, la organizaci\u00f3n del tiempo y el espacio, entre otros. Esta apropiaci\u00f3n es impl\u00edcita, rara vez la escuela facilita el reconocimiento de las pr\u00e1cticas habituales, porque para s\u00ed misma son desconocidas, son naturalmente admitidas y requieren poner en ejercicio las disposiciones logradas en la experiencia. Este conjunto de reglas, usos y saberes suelen ser denominado con el t\u00e9rmino de <strong>cultura institucional.<\/strong><\/span><\/p>\n<p><span style=\"color: #333333;\">Pensando en los procesos de apropiaci\u00f3n en la escuela, Nina hablo de \u201cpagar el derecho de piso\u201d como una expresi\u00f3n del sentido com\u00fan que refiere al ingreso a una instituci\u00f3n. Este derecho de piso no es id\u00e9ntico en todas las escuelas: desconocer\u00edamos su car\u00e1cter heterog\u00e9neo y sus particularidades si creemos que este ritual puede ser estandarizado, sin olvidar adem\u00e1s que cada uno de los actores de la vida cotidiana escolar (docentes, alumnos, padres) transita por esta iniciaci\u00f3n.<\/span><\/p>\n<p><span style=\"color: #333333;\">\u00bfQu\u00e9 mecanismos se despliegan en estos procesos de incorporaci\u00f3n y apropiaci\u00f3n? Gran parte de la inserci\u00f3n efectiva de los docentes en una instituci\u00f3n depende de la capacidad de identificar esos usos y costumbres e incorporarlos a las pr\u00e1cticas, proceso que en general se hace solitariamente.<\/span><\/p>\n<p><span style=\"color: #333333;\">Podemos decir que a\u00fan bajo las condiciones objetivas de la vida social e institucional que regulan las pr\u00e1cticas y que definen modos de estar en el mundo, los sujetos establecen acuerdos y negociaciones, confrontan, interfieren en ese mundo. Lo construyen en una diversidad de procesos de reproducci\u00f3n y producci\u00f3n de relaciones sociales y de distribuci\u00f3n del conocimiento, lo que permiteapreciar la heterogeneidad de todo proceso social. Esto permite vislumbrar la capacidad de intervenci\u00f3n de los maestros en la formulaci\u00f3n de propuestas de cambio.<\/span><\/p>\n<p>&nbsp;<\/p>\n<p>&nbsp;<\/p>\n<p>&nbsp;<\/p>\n<p id=\"H4\">.<\/p>\n<ul>\n<li><span style=\"color: #497bbd;\"><a style=\"color: #497bbd;\" title=\"LANDREANI, N\u00e9lida (1996). El proceso de apropiaci\u00f3n institucional (o de c\u00f3mo pagar el derecho de piso) en Revista Cr\u00edtica Educativa, 1, A\u00f1o I, 6-14. Buenos Aires: Mi\u00f1o y D\u00e1vila.\" href=\"http:\/\/biblio.fcedu.uner.edu.ar\/nina\/H4-Landreani_Nelida_El_proceso_de_apropiacion_institucional.pdf\" target=\"_blank\"><strong>El proceso de apropiaci\u00f3n institucional\u00a0 (o de c\u00f3mo pagar el derecho de piso) <\/strong>(1996)<\/a><\/span><\/li>\n<\/ul>\n<ul>\n<li><span style=\"color: #497bbd;\"><a style=\"color: #497bbd;\" title=\"LANDREANI, N\u00e9lida (1998). Pr\u00e1cticas escolares y exclusi\u00f3n social en las pol\u00edticas educativas neoconservadoras. Ponencia presentada en XIV en XIV Congreso Mundial de Sociolog\u00eda. 26 de julio al 1\u00ba de agosto de 1998. Montreal, Canad\u00e1.\" href=\"http:\/\/biblio.fcedu.uner.edu.ar\/nina\/H4-Landreani_Nelida-Practicas_escolares_y_exclusion_social_en_las_politicas_educativas_neoconservadoras.pdf\" target=\"_blank\"><strong>Pr\u00e1cticas escolares y\u00a0 exclusi\u00f3n social en las pol\u00edticas educativas neoconservadoras<\/strong> (1998)<\/a><\/span><\/li>\n<\/ul>\n<p>&nbsp;<\/p>\n<p style=\"text-align: right;\"><span style=\"color: #c4c4c4;\"><strong>PROYECTO DE INNOVACI\u00d3N E INCENTIVO A LA DOCENCIA<br \/>\n<\/strong><strong><em>\u201cNina Landreani: Legados de un caminar\u201d<\/em><\/strong><\/span><\/p>\n<p>&nbsp;<\/p>\n<p>&nbsp;<\/p>\n<p>&nbsp;<\/p>\n<p>&nbsp;<\/p>\n<p>&nbsp;<\/p>\n<p>&nbsp;<\/p>\n<p>&nbsp;<\/p>\n<p>&nbsp;<\/p>\n<p>&nbsp;<\/p>\n","protected":false},"excerpt":{"rendered":"<p>La apropiaci\u00f3n institucional es el proceso por el cual hombres y mujeres hacemos propio el conjunto de reglas instituidas que se nos imponen socialmente. La caracter\u00edstica principal de estas reglas es que no nos incluyen como actores que intervienen en la realidad a trav\u00e9s de sus pr\u00e1cticas, sino como sujetos pasivos que cumplen roles asignados&#8230; <\/p>\n<div class=\"clear\"><\/div>\n<p><a href=\"https:\/\/www.fcedu.uner.edu.ar\/biblioteca\/apropiacion-institucional\/\" class=\"excerpt-read-more\">Read More<i class=\"fa fa-caret-right icon-caret-right\"><\/i><\/a><\/p>\n","protected":false},"author":1,"featured_media":0,"parent":0,"menu_order":0,"comment_status":"closed","ping_status":"closed","template":"","meta":{"footnotes":""},"yoast_head":"<!-- This site is optimized with the Yoast SEO plugin v21.7 - https:\/\/yoast.com\/wordpress\/plugins\/seo\/ -->\n<title>Apropiaci\u00f3n institucional - Biblioteca &quot;Prof. N\u00e9lida Landreani&quot;<\/title>\n<meta name=\"robots\" content=\"index, follow, max-snippet:-1, max-image-preview:large, max-video-preview:-1\" \/>\n<link rel=\"canonical\" href=\"https:\/\/www.fcedu.uner.edu.ar\/biblioteca\/apropiacion-institucional\/\" \/>\n<meta property=\"og:locale\" content=\"es_ES\" \/>\n<meta property=\"og:type\" content=\"article\" \/>\n<meta property=\"og:title\" content=\"Apropiaci\u00f3n institucional - Biblioteca &quot;Prof. N\u00e9lida Landreani&quot;\" \/>\n<meta property=\"og:description\" content=\"La apropiaci\u00f3n institucional es el proceso por el cual hombres y mujeres hacemos propio el conjunto de reglas instituidas que se nos imponen socialmente. La caracter\u00edstica principal de estas reglas es que no nos incluyen como actores que intervienen en la realidad a trav\u00e9s de sus pr\u00e1cticas, sino como sujetos pasivos que cumplen roles asignados... Read More\" \/>\n<meta property=\"og:url\" content=\"https:\/\/www.fcedu.uner.edu.ar\/biblioteca\/apropiacion-institucional\/\" \/>\n<meta property=\"og:site_name\" content=\"Biblioteca &quot;Prof. N\u00e9lida Landreani&quot;\" \/>\n<meta property=\"article:modified_time\" content=\"2017-10-09T13:10:33+00:00\" \/>\n<meta name=\"twitter:card\" content=\"summary_large_image\" \/>\n<meta name=\"twitter:label1\" content=\"Tiempo de lectura\" \/>\n\t<meta name=\"twitter:data1\" content=\"3 minutos\" \/>\n<script type=\"application\/ld+json\" class=\"yoast-schema-graph\">{\"@context\":\"https:\/\/schema.org\",\"@graph\":[{\"@type\":\"WebPage\",\"@id\":\"https:\/\/www.fcedu.uner.edu.ar\/biblioteca\/apropiacion-institucional\/\",\"url\":\"https:\/\/www.fcedu.uner.edu.ar\/biblioteca\/apropiacion-institucional\/\",\"name\":\"Apropiaci\u00f3n institucional - Biblioteca &quot;Prof. N\u00e9lida Landreani&quot;\",\"isPartOf\":{\"@id\":\"https:\/\/www.fcedu.uner.edu.ar\/biblioteca\/#website\"},\"datePublished\":\"2016-12-19T02:03:08+00:00\",\"dateModified\":\"2017-10-09T13:10:33+00:00\",\"breadcrumb\":{\"@id\":\"https:\/\/www.fcedu.uner.edu.ar\/biblioteca\/apropiacion-institucional\/#breadcrumb\"},\"inLanguage\":\"es\",\"potentialAction\":[{\"@type\":\"ReadAction\",\"target\":[\"https:\/\/www.fcedu.uner.edu.ar\/biblioteca\/apropiacion-institucional\/\"]}]},{\"@type\":\"BreadcrumbList\",\"@id\":\"https:\/\/www.fcedu.uner.edu.ar\/biblioteca\/apropiacion-institucional\/#breadcrumb\",\"itemListElement\":[{\"@type\":\"ListItem\",\"position\":1,\"name\":\"Portada\",\"item\":\"https:\/\/www.fcedu.uner.edu.ar\/biblioteca\/\"},{\"@type\":\"ListItem\",\"position\":2,\"name\":\"Apropiaci\u00f3n institucional\"}]},{\"@type\":\"WebSite\",\"@id\":\"https:\/\/www.fcedu.uner.edu.ar\/biblioteca\/#website\",\"url\":\"https:\/\/www.fcedu.uner.edu.ar\/biblioteca\/\",\"name\":\"Biblioteca &quot;Prof. N\u00e9lida Landreani&quot;\",\"description\":\"Otro sitio m\u00e1s de Sitios de Portal FCEDU UNER\",\"potentialAction\":[{\"@type\":\"SearchAction\",\"target\":{\"@type\":\"EntryPoint\",\"urlTemplate\":\"https:\/\/www.fcedu.uner.edu.ar\/biblioteca\/?s={search_term_string}\"},\"query-input\":\"required name=search_term_string\"}],\"inLanguage\":\"es\"}]}<\/script>\n<!-- \/ Yoast SEO plugin. -->","yoast_head_json":{"title":"Apropiaci\u00f3n institucional - Biblioteca &quot;Prof. N\u00e9lida Landreani&quot;","robots":{"index":"index","follow":"follow","max-snippet":"max-snippet:-1","max-image-preview":"max-image-preview:large","max-video-preview":"max-video-preview:-1"},"canonical":"https:\/\/www.fcedu.uner.edu.ar\/biblioteca\/apropiacion-institucional\/","og_locale":"es_ES","og_type":"article","og_title":"Apropiaci\u00f3n institucional - Biblioteca &quot;Prof. N\u00e9lida Landreani&quot;","og_description":"La apropiaci\u00f3n institucional es el proceso por el cual hombres y mujeres hacemos propio el conjunto de reglas instituidas que se nos imponen socialmente. La caracter\u00edstica principal de estas reglas es que no nos incluyen como actores que intervienen en la realidad a trav\u00e9s de sus pr\u00e1cticas, sino como sujetos pasivos que cumplen roles asignados... Read More","og_url":"https:\/\/www.fcedu.uner.edu.ar\/biblioteca\/apropiacion-institucional\/","og_site_name":"Biblioteca &quot;Prof. N\u00e9lida Landreani&quot;","article_modified_time":"2017-10-09T13:10:33+00:00","twitter_card":"summary_large_image","twitter_misc":{"Tiempo de lectura":"3 minutos"},"schema":{"@context":"https:\/\/schema.org","@graph":[{"@type":"WebPage","@id":"https:\/\/www.fcedu.uner.edu.ar\/biblioteca\/apropiacion-institucional\/","url":"https:\/\/www.fcedu.uner.edu.ar\/biblioteca\/apropiacion-institucional\/","name":"Apropiaci\u00f3n institucional - Biblioteca &quot;Prof. N\u00e9lida Landreani&quot;","isPartOf":{"@id":"https:\/\/www.fcedu.uner.edu.ar\/biblioteca\/#website"},"datePublished":"2016-12-19T02:03:08+00:00","dateModified":"2017-10-09T13:10:33+00:00","breadcrumb":{"@id":"https:\/\/www.fcedu.uner.edu.ar\/biblioteca\/apropiacion-institucional\/#breadcrumb"},"inLanguage":"es","potentialAction":[{"@type":"ReadAction","target":["https:\/\/www.fcedu.uner.edu.ar\/biblioteca\/apropiacion-institucional\/"]}]},{"@type":"BreadcrumbList","@id":"https:\/\/www.fcedu.uner.edu.ar\/biblioteca\/apropiacion-institucional\/#breadcrumb","itemListElement":[{"@type":"ListItem","position":1,"name":"Portada","item":"https:\/\/www.fcedu.uner.edu.ar\/biblioteca\/"},{"@type":"ListItem","position":2,"name":"Apropiaci\u00f3n institucional"}]},{"@type":"WebSite","@id":"https:\/\/www.fcedu.uner.edu.ar\/biblioteca\/#website","url":"https:\/\/www.fcedu.uner.edu.ar\/biblioteca\/","name":"Biblioteca &quot;Prof. N\u00e9lida Landreani&quot;","description":"Otro sitio m\u00e1s de Sitios de Portal FCEDU UNER","potentialAction":[{"@type":"SearchAction","target":{"@type":"EntryPoint","urlTemplate":"https:\/\/www.fcedu.uner.edu.ar\/biblioteca\/?s={search_term_string}"},"query-input":"required name=search_term_string"}],"inLanguage":"es"}]}},"_links":{"self":[{"href":"https:\/\/www.fcedu.uner.edu.ar\/biblioteca\/wp-json\/wp\/v2\/pages\/1126"}],"collection":[{"href":"https:\/\/www.fcedu.uner.edu.ar\/biblioteca\/wp-json\/wp\/v2\/pages"}],"about":[{"href":"https:\/\/www.fcedu.uner.edu.ar\/biblioteca\/wp-json\/wp\/v2\/types\/page"}],"author":[{"embeddable":true,"href":"https:\/\/www.fcedu.uner.edu.ar\/biblioteca\/wp-json\/wp\/v2\/users\/1"}],"replies":[{"embeddable":true,"href":"https:\/\/www.fcedu.uner.edu.ar\/biblioteca\/wp-json\/wp\/v2\/comments?post=1126"}],"version-history":[{"count":13,"href":"https:\/\/www.fcedu.uner.edu.ar\/biblioteca\/wp-json\/wp\/v2\/pages\/1126\/revisions"}],"predecessor-version":[{"id":1528,"href":"https:\/\/www.fcedu.uner.edu.ar\/biblioteca\/wp-json\/wp\/v2\/pages\/1126\/revisions\/1528"}],"wp:attachment":[{"href":"https:\/\/www.fcedu.uner.edu.ar\/biblioteca\/wp-json\/wp\/v2\/media?parent=1126"}],"curies":[{"name":"wp","href":"https:\/\/api.w.org\/{rel}","templated":true}]}}