{"id":36,"date":"2022-08-22T16:34:40","date_gmt":"2022-08-22T16:34:40","guid":{"rendered":"https:\/\/www.fcedu.uner.edu.ar\/graficacepce\/?page_id=36"},"modified":"2022-12-14T20:58:23","modified_gmt":"2022-12-14T20:58:23","slug":"descripcion-del-area","status":"publish","type":"page","link":"https:\/\/www.fcedu.uner.edu.ar\/graficacepce\/descripcion-del-area\/","title":{"rendered":"Descripci\u00f3n del \u00e1rea"},"content":{"rendered":"<div class=\"brz-root__container brz-reset-all\">\n<section id=\"aelgueambppedkvuhicecaaxqyitoedcsybw\" class=\"brz-section brz-css-ywovr\" data-uid=\"aelgueambppedkvuhicecaaxqyitoedcsybw\">\n<div class=\"brz-section__content brz-section--boxed brz-css-ucsfd\" data-custom-id=\"agkumlhfifimnadwjmplybdnxtbnxzxugoxk\">\n<div class=\"brz-container brz-css-qcugn\">\n<div class=\"brz-row__container brz-css-nbnop\" data-custom-id=\"whsidvajkecscdkdtdzutkzfqjhpdkfjyocp\">\n<div class=\"brz-row brz-css-qvobq brz-css-iztod\">\n<div class=\"brz-columns brz-css-toljd brz-css-wcdgh\" data-custom-id=\"ucsqtkwzczpusuuylbukxisztaysuvhyhdga\">\n<div class=\"brz-column__items brz-css-vbiqf\">\n<div class=\"brz-css-zbqfw brz-css-lydci brz-wrapper\">\n<div class=\"brz-rich-text brz-css-yqgci\" data-custom-id=\"vvfmibzolqignrzhhauelhppknzxudtbidlq\">\n<p><strong>\u00c1rea Gr\u00e1fica del Centro de Producci\u00f3n en Comunicaci\u00f3n y Educaci\u00f3n<\/strong><\/p>\n<p class=\"brz-css-dbqnt\"><span class=\"brz-cp-color8\" style=\"background-color: transparent\">El \u00e1rea gr\u00e1fica es un espacio de trabajo relacionado con la <\/span><strong class=\"brz-cp-color8\" style=\"background-color: transparent\">comunicaci\u00f3n visual<\/strong><span class=\"brz-cp-color8\" style=\"background-color: transparent\"> y en tanto integrante del CePCE, sus producciones vinculan dos campos disciplinares: la\u00a0comunicaci\u00f3n y la educaci\u00f3n.<\/span><\/p>\n<p class=\"brz-css-mytau\"><span class=\"brz-cp-color8\" style=\"background-color: transparent\">Inserta en el seno de una Universidad P\u00fablica, el \u00e1rea es asumida como un espacio polif\u00f3nico de construcci\u00f3n de conocimiento, de estudio, de debate y de participaci\u00f3n.<\/span><\/p>\n<\/div>\n<\/div>\n<\/div>\n<\/div>\n<\/div>\n<\/div>\n<\/div>\n<\/div>\n<\/section>\n<\/div>\n<p><!-- version:1661460350 --><\/p>\n","protected":false},"excerpt":{"rendered":"<p>\u00c1rea Gr\u00e1fica del Centro de Producci\u00f3n en Comunicaci\u00f3n y Educaci\u00f3n El \u00e1rea gr\u00e1fica es un espacio de trabajo relacionado con la comunicaci\u00f3n visual y en tanto integrante del&#8230;<\/p>\n","protected":false},"author":1001024,"featured_media":0,"parent":0,"menu_order":0,"comment_status":"closed","ping_status":"closed","template":"","meta":{"footnotes":""},"class_list":["post-36","page","type-page","status-publish","hentry"],"_links":{"self":[{"href":"https:\/\/www.fcedu.uner.edu.ar\/graficacepce\/wp-json\/wp\/v2\/pages\/36","targetHints":{"allow":["GET"]}}],"collection":[{"href":"https:\/\/www.fcedu.uner.edu.ar\/graficacepce\/wp-json\/wp\/v2\/pages"}],"about":[{"href":"https:\/\/www.fcedu.uner.edu.ar\/graficacepce\/wp-json\/wp\/v2\/types\/page"}],"author":[{"embeddable":true,"href":"https:\/\/www.fcedu.uner.edu.ar\/graficacepce\/wp-json\/wp\/v2\/users\/1001024"}],"replies":[{"embeddable":true,"href":"https:\/\/www.fcedu.uner.edu.ar\/graficacepce\/wp-json\/wp\/v2\/comments?post=36"}],"version-history":[{"count":33,"href":"https:\/\/www.fcedu.uner.edu.ar\/graficacepce\/wp-json\/wp\/v2\/pages\/36\/revisions"}],"predecessor-version":[{"id":1795,"href":"https:\/\/www.fcedu.uner.edu.ar\/graficacepce\/wp-json\/wp\/v2\/pages\/36\/revisions\/1795"}],"wp:attachment":[{"href":"https:\/\/www.fcedu.uner.edu.ar\/graficacepce\/wp-json\/wp\/v2\/media?parent=36"}],"curies":[{"name":"wp","href":"https:\/\/api.w.org\/{rel}","templated":true}]}}