{"id":927,"date":"2022-08-31T16:14:15","date_gmt":"2022-08-31T16:14:15","guid":{"rendered":"https:\/\/www.fcedu.uner.edu.ar\/graficacepce\/?page_id=927"},"modified":"2022-12-28T18:47:12","modified_gmt":"2022-12-28T18:47:12","slug":"muestras","status":"publish","type":"page","link":"https:\/\/www.fcedu.uner.edu.ar\/graficacepce\/lineas-de-trabajo\/muestras\/","title":{"rendered":"La elegancia del erizo"},"content":{"rendered":"<h4><strong>Muestras y experiencias en las que las p\u00faas del arte nos cautivan<\/strong><\/h4>\n<p><a href=\"https:\/\/www.fcedu.uner.edu.ar\/graficacepce\/2022\/09\/12\/muestra-didactica-libro-objeto-recuperar-el-cuerpo-espacio-de-experimentacion\/\">Recuperar el cuerpo<strong> | Muestra did\u00e1ctica y espacio de experimentaci\u00f3n<\/strong><\/a><\/p>\n<p>Los personajes del libro \u00abRecuperar el cuerpo\u00bb coparon el edificio de Alameda de la Federaci\u00f3n 105. Este evento consisti\u00f3 en la exhibici\u00f3n del proceso de producci\u00f3n del libro objeto, que por momentos fue bastante experimental, y la posibilidad de experimentar con los sentidos.<\/p>\n<p>&nbsp;<\/p>\n<p><a href=\"https:\/\/www.fcedu.uner.edu.ar\/graficacepce\/2022\/08\/26\/muestra-de-carteles-de-la-revolucion-rusa-y-conferencia-vanguardias-rusas-esteticas-modernas-y-politica-en-tiempos-de-la-revolucion\/\">Vanguardias rusas <\/a><strong><a href=\"https:\/\/www.fcedu.uner.edu.ar\/graficacepce\/2022\/08\/26\/muestra-de-carteles-de-la-revolucion-rusa-y-conferencia-vanguardias-rusas-esteticas-modernas-y-politica-en-tiempos-de-la-revolucion\/\">| Est\u00e9ticas modernas y pol\u00edtica en tiempos de la Revoluci\u00f3n<\/a><\/strong><\/p>\n<p>Con motivo del Centenario de la Revoluci\u00f3n Rusa se propuso una\u00a0 instancia de reflexi\u00f3n y debate, acompa\u00f1ada de una muestra de carteles de ese periodo. El papel preponderante de las vanguardias est\u00e9ticas en el discurso pol\u00edtico.<\/p>\n<p>&nbsp;<\/p>\n<p><a href=\"https:\/\/www.fcedu.uner.edu.ar\/graficacepce\/2022\/08\/29\/taller-meiji-gito\/\">Meiji y Gito <strong>| Dos tipos ilustres<\/strong><\/a><\/p>\n<p>Mediante esta muestra de humor gr\u00e1fico argentino, se propuso visibilizar opuestos y paralelismos entre dos realidades diferentes, como lo son el quehacer de un humorista gr\u00e1fico radicado en Buenos Aires y otro en la ciudad de Paran\u00e1. C\u00f3mo han contado Jorge <em>Meiji<\/em> Meijide y Jorge <em>Gito<\/em> Petersen cuatro d\u00e9cadas de nuestro pa\u00eds.<\/p>\n<p>&nbsp;<\/p>\n","protected":false},"excerpt":{"rendered":"<p>Muestras y experiencias en las que las p\u00faas del arte nos cautivan Recuperar el cuerpo | Muestra did\u00e1ctica y espacio de experimentaci\u00f3n Los personajes del libro \u00abRecuperar el&#8230;<\/p>\n","protected":false},"author":1001024,"featured_media":1664,"parent":100,"menu_order":0,"comment_status":"closed","ping_status":"closed","template":"","meta":{"footnotes":""},"class_list":["post-927","page","type-page","status-publish","has-post-thumbnail","hentry"],"_links":{"self":[{"href":"https:\/\/www.fcedu.uner.edu.ar\/graficacepce\/wp-json\/wp\/v2\/pages\/927","targetHints":{"allow":["GET"]}}],"collection":[{"href":"https:\/\/www.fcedu.uner.edu.ar\/graficacepce\/wp-json\/wp\/v2\/pages"}],"about":[{"href":"https:\/\/www.fcedu.uner.edu.ar\/graficacepce\/wp-json\/wp\/v2\/types\/page"}],"author":[{"embeddable":true,"href":"https:\/\/www.fcedu.uner.edu.ar\/graficacepce\/wp-json\/wp\/v2\/users\/1001024"}],"replies":[{"embeddable":true,"href":"https:\/\/www.fcedu.uner.edu.ar\/graficacepce\/wp-json\/wp\/v2\/comments?post=927"}],"version-history":[{"count":27,"href":"https:\/\/www.fcedu.uner.edu.ar\/graficacepce\/wp-json\/wp\/v2\/pages\/927\/revisions"}],"predecessor-version":[{"id":1936,"href":"https:\/\/www.fcedu.uner.edu.ar\/graficacepce\/wp-json\/wp\/v2\/pages\/927\/revisions\/1936"}],"up":[{"embeddable":true,"href":"https:\/\/www.fcedu.uner.edu.ar\/graficacepce\/wp-json\/wp\/v2\/pages\/100"}],"wp:featuredmedia":[{"embeddable":true,"href":"https:\/\/www.fcedu.uner.edu.ar\/graficacepce\/wp-json\/wp\/v2\/media\/1664"}],"wp:attachment":[{"href":"https:\/\/www.fcedu.uner.edu.ar\/graficacepce\/wp-json\/wp\/v2\/media?parent=927"}],"curies":[{"name":"wp","href":"https:\/\/api.w.org\/{rel}","templated":true}]}}