{"id":1690,"date":"2017-07-07T19:33:44","date_gmt":"2017-07-07T19:33:44","guid":{"rendered":"http:\/\/www.fcedu.uner.edu.ar\/medianayterceraedad2\/?page_id=1690"},"modified":"2024-04-04T11:18:39","modified_gmt":"2024-04-04T14:18:39","slug":"asociacion-universitaria-de-la-mediana-y-tercera-edad","status":"publish","type":"page","link":"https:\/\/www.fcedu.uner.edu.ar\/medianayterceraedad\/?page_id=1690","title":{"rendered":"Asociaci\u00f3n Universitaria de la Mediana y Tercera Edad"},"content":{"rendered":"<p><span style=\"color: #333333;\">La <strong>Asociaci\u00f3n Universitaria de la Mediana y Tercera Edad<\/strong>\u00a0es una entidad de servicio que contribuye con las actividades del Departamento de la Mediana y Tercera Edad de la Facultad de Ciencias de la Educaci\u00f3n (UNER) al propiciar actividades intelectuales, culturales y sociales.<\/span><\/p>\n<p><span style=\"color: #333333;\">Se encuentra formada por estudiantes del Departamento que unidos por el gusto de ayudar promueven acciones para apoyar la labor del Departamento, y\u00a0 brindar espacios de encuentro para las personas mayores.<\/span><\/p>\n<p><span style=\"color: #333333;\">Entre las acciones que se organizan se encuentran: t\u00e9 y desfiles de modas, charlas y paneles con especialistas en gerontolog\u00eda y presentaciones art\u00edsticas. Adem\u00e1s, la entidad cuenta con\u00a0 la Biblioteca de la Asociaci\u00f3n Universitaria de la Mediana y Tercera Edad en la sede del Departamento, Alameda de la Federaci\u00f3n 115. La misma, cuenta con m\u00e1s de 1000 ejemplares que est\u00e1n disponibles para acceder a la m\u00e1s variada literatura, a libros de estudio, y a textos de todos los g\u00e9neros a trav\u00e9s de una m\u00ednima cuota de socios.<\/span><\/p>\n<p><span style=\"color: #333333;\">Horarios de atenci\u00f3n para asociarse y retirar libros: martes y jueves 16:00 a 18:00.<\/span><\/p>\n<p><span style=\"color: #00c768;\"><strong>N\u00f3mina de Comisi\u00f3n Directiva- Per\u00edodo 2023\/2024<\/strong><\/span><\/p>\n<table class=\"style-2\">\n<tbody>\n<tr>\n<td style=\"text-align: left;\">Presidente<\/td>\n<td style=\"text-align: left;\">Montiel, Rosario<\/td>\n<\/tr>\n<tr>\n<td style=\"text-align: left;\">\u00a0Vicepresidente<\/td>\n<td style=\"text-align: left;\">Mayer, Sylvia<\/td>\n<td style=\"text-align: left;\"><\/td>\n<\/tr>\n<tr>\n<td style=\"text-align: left;\">\u00a0Secretaria<\/td>\n<td style=\"text-align: left;\">Rodriguez, Mar\u00eda Isabel<\/td>\n<td><\/td>\n<\/tr>\n<tr>\n<td style=\"text-align: left;\">\u00a0Pro Secretaria<\/td>\n<td style=\"text-align: left;\">Mont\u00f3rfano, Liliana<\/td>\n<td><\/td>\n<\/tr>\n<tr>\n<td style=\"text-align: left;\">\u00a0Tesorera<\/td>\n<td style=\"text-align: left;\">Denis, Liliana<\/td>\n<td><\/td>\n<\/tr>\n<tr>\n<td style=\"text-align: left;\">\u00a0Pro Tesorera<\/td>\n<td style=\"text-align: left;\">Balcar, Stella Maris<\/td>\n<td><\/td>\n<\/tr>\n<tr>\n<td style=\"text-align: left;\">\u00a0Vocal 1\u00ba<\/td>\n<td style=\"text-align: left;\">Alonso de Borini, Estela<\/td>\n<td><\/td>\n<\/tr>\n<tr>\n<td style=\"text-align: left;\">\u00a0Vocal 2\u00ba<\/td>\n<td style=\"text-align: left;\">Barberis de Azcu\u00e9naga, Leonor<\/td>\n<td style=\"text-align: left;\"><\/td>\n<\/tr>\n<tr>\n<td style=\"text-align: left;\">Vocal 3\u00ba<\/td>\n<td style=\"text-align: left;\">Rocha de Raimundo, Martita<\/td>\n<td style=\"text-align: left;\"><\/td>\n<\/tr>\n<tr>\n<td style=\"text-align: left;\">Vocal Suplente 1\u00ba<\/td>\n<td style=\"text-align: left;\">Bon\u00edn de Bourband, Mar\u00eda<\/td>\n<td style=\"text-align: left;\"><\/td>\n<\/tr>\n<tr>\n<td style=\"text-align: left;\">Vocal Suplente 2\u00ba<\/td>\n<td style=\"text-align: left;\">De Sim\u00f3n, Teresa<\/td>\n<td style=\"text-align: left;\"><\/td>\n<\/tr>\n<tr>\n<td style=\"text-align: left;\">Vocal Suplente 3\u00ba<\/p>\n<p>Vocal<\/td>\n<td style=\"text-align: left;\">Chem\u00edn de Nanni, Silvia<\/p>\n<p>Boinvaser, Estela<\/td>\n<td style=\"text-align: left;\"><\/td>\n<\/tr>\n<\/tbody>\n<\/table>\n<p><span style=\"color: #00c768;\"><strong>Comisi\u00f3n Revisores de Cuentas &#8211; Per\u00edodo 2023\/2024<\/strong><\/span><\/p>\n<table class=\"style-2\">\n<tbody>\n<tr>\n<th>Titulares<\/th>\n<th>Suplentes<\/th>\n<\/tr>\n<tr>\n<td style=\"text-align: left;\">Fontanetto de Serra, Laura<\/td>\n<td style=\"text-align: left;\">Bergamaschi Broggi, Laura<\/td>\n<td style=\"text-align: left;\"><\/td>\n<\/tr>\n<tr>\n<td style=\"text-align: left;\">Olivetti, Valeria<\/td>\n<td style=\"text-align: left;\">Descarso, Mar\u00eda Susana<\/td>\n<td><\/td>\n<\/tr>\n<tr>\n<td style=\"text-align: left;\"><\/td>\n<td style=\"text-align: left;\"><\/td>\n<td><\/td>\n<\/tr>\n<\/tbody>\n<\/table>\n","protected":false},"excerpt":{"rendered":"<p>La Asociaci\u00f3n Universitaria de la Mediana y Tercera Edad\u00a0es una entidad de servicio que contribuye con las actividades del Departamento de la Mediana y Tercera Edad de la Facultad de Ciencias de la Educaci\u00f3n (UNER) al propiciar actividades intelectuales, culturales y sociales. Se encuentra formada por estudiantes del Departamento que unidos por el gusto de&#8230; <\/p>\n<div class=\"clear\"><\/div>\n<p><a href=\"https:\/\/www.fcedu.uner.edu.ar\/medianayterceraedad\/?page_id=1690\" class=\"excerpt-read-more\">Read More<i class=\"fa fa-caret-right icon-caret-right\"><\/i><\/a><\/p>\n","protected":false},"author":1,"featured_media":0,"parent":0,"menu_order":0,"comment_status":"closed","ping_status":"closed","template":"","meta":{"footnotes":""},"_links":{"self":[{"href":"https:\/\/www.fcedu.uner.edu.ar\/medianayterceraedad\/index.php?rest_route=\/wp\/v2\/pages\/1690"}],"collection":[{"href":"https:\/\/www.fcedu.uner.edu.ar\/medianayterceraedad\/index.php?rest_route=\/wp\/v2\/pages"}],"about":[{"href":"https:\/\/www.fcedu.uner.edu.ar\/medianayterceraedad\/index.php?rest_route=\/wp\/v2\/types\/page"}],"author":[{"embeddable":true,"href":"https:\/\/www.fcedu.uner.edu.ar\/medianayterceraedad\/index.php?rest_route=\/wp\/v2\/users\/1"}],"replies":[{"embeddable":true,"href":"https:\/\/www.fcedu.uner.edu.ar\/medianayterceraedad\/index.php?rest_route=%2Fwp%2Fv2%2Fcomments&post=1690"}],"version-history":[{"count":11,"href":"https:\/\/www.fcedu.uner.edu.ar\/medianayterceraedad\/index.php?rest_route=\/wp\/v2\/pages\/1690\/revisions"}],"predecessor-version":[{"id":5287,"href":"https:\/\/www.fcedu.uner.edu.ar\/medianayterceraedad\/index.php?rest_route=\/wp\/v2\/pages\/1690\/revisions\/5287"}],"wp:attachment":[{"href":"https:\/\/www.fcedu.uner.edu.ar\/medianayterceraedad\/index.php?rest_route=%2Fwp%2Fv2%2Fmedia&parent=1690"}],"curies":[{"name":"wp","href":"https:\/\/api.w.org\/{rel}","templated":true}]}}